{"id":44,"date":"2017-03-29T08:21:46","date_gmt":"2017-03-29T07:21:46","guid":{"rendered":"http:\/\/iespasqualcalbo.cat\/blocs\/mecanitzat\/?page_id=44"},"modified":"2017-03-29T08:21:46","modified_gmt":"2017-03-29T07:21:46","slug":"recursos","status":"publish","type":"page","link":"https:\/\/www.iespasqualcalbo.cat\/blocs\/mecanitzat\/inici\/recursos\/","title":{"rendered":"RECURSOS"},"content":{"rendered":"<h4><em>Us pot interessar:<\/em><\/h4>\n<p>Convalidacions\u00a0<a href=\"http:\/\/www.caib.es\/sites\/fp\/ca\/convalidacions\/\">http:\/\/www.caib.es\/sites\/fp\/ca\/convalidacions\/<\/a><\/p>\n<p>&nbsp;<\/p>\n<h4><em>P\u00e0gines web d&#8217;inter\u00e9s:<\/em><\/h4>\n<p>IES Pasqual Calb\u00f3 i Cald\u00e9s\u00a0<a href=\"http:\/\/www.iespasqualcalbo.cat\/joomla\/\">http:\/\/www.iespasqualcalbo.cat\/joomla\/<\/a><\/p>\n<p>FP Illes Balears\u00a0<a href=\"http:\/\/www.caib.es\/sites\/fp\/ca\/portada-77258\/?campa=yes\">http:\/\/www.caib.es\/sites\/fp\/ca\/portada-77258\/?campa=yes<\/a><\/p>\n<p>Portal todo FP \u00a0<a href=\"http:\/\/todofp.es\/\">http:\/\/todofp.es\/<\/a><\/p>\n<p>&nbsp;<\/p>\n<p>&nbsp;\t\t<\/p>\n","protected":false},"excerpt":{"rendered":"<p>Us pot interessar: Convalidacions\u00a0http:\/\/www.caib.es\/sites\/fp\/ca\/convalidacions\/ &nbsp; P\u00e0gines web d&#8217;inter\u00e9s: IES Pasqual Calb\u00f3 i Cald\u00e9s\u00a0http:\/\/www.iespasqualcalbo.cat\/joomla\/ FP Illes Balears\u00a0http:\/\/www.caib.es\/sites\/fp\/ca\/portada-77258\/?campa=yes Portal todo FP \u00a0http:\/\/todofp.es\/ &nbsp; &nbsp;<\/p>\n","protected":false},"author":1,"featured_media":0,"parent":41,"menu_order":1,"comment_status":"closed","ping_status":"closed","template":"","meta":{"footnotes":""},"class_list":["post-44","page","type-page","status-publish","hentry"],"_links":{"self":[{"href":"https:\/\/www.iespasqualcalbo.cat\/blocs\/mecanitzat\/wp-json\/wp\/v2\/pages\/44","targetHints":{"allow":["GET"]}}],"collection":[{"href":"https:\/\/www.iespasqualcalbo.cat\/blocs\/mecanitzat\/wp-json\/wp\/v2\/pages"}],"about":[{"href":"https:\/\/www.iespasqualcalbo.cat\/blocs\/mecanitzat\/wp-json\/wp\/v2\/types\/page"}],"author":[{"embeddable":true,"href":"https:\/\/www.iespasqualcalbo.cat\/blocs\/mecanitzat\/wp-json\/wp\/v2\/users\/1"}],"replies":[{"embeddable":true,"href":"https:\/\/www.iespasqualcalbo.cat\/blocs\/mecanitzat\/wp-json\/wp\/v2\/comments?post=44"}],"version-history":[{"count":0,"href":"https:\/\/www.iespasqualcalbo.cat\/blocs\/mecanitzat\/wp-json\/wp\/v2\/pages\/44\/revisions"}],"up":[{"embeddable":true,"href":"https:\/\/www.iespasqualcalbo.cat\/blocs\/mecanitzat\/wp-json\/wp\/v2\/pages\/41"}],"wp:attachment":[{"href":"https:\/\/www.iespasqualcalbo.cat\/blocs\/mecanitzat\/wp-json\/wp\/v2\/media?parent=44"}],"curies":[{"name":"wp","href":"https:\/\/api.w.org\/{rel}","templated":true}]}}