{"id":50,"date":"2017-02-14T12:05:16","date_gmt":"2017-02-14T10:05:16","guid":{"rendered":"http:\/\/iespasqualcalbo.cat\/blocs\/electricitat\/?page_id=50"},"modified":"2017-02-14T12:05:16","modified_gmt":"2017-02-14T10:05:16","slug":"grau-superior","status":"publish","type":"page","link":"https:\/\/www.iespasqualcalbo.cat\/blocs\/electricitat\/grau-superior\/","title":{"rendered":"Grau Superior"},"content":{"rendered":"<h3><strong>Grau Superior T\u00e8cnic Superior en Sistemes Electrot\u00e8cnics i Automatitzats<\/strong><\/h3>\n<ul>\n<li><em><strong>Qui pot accedir<\/strong><\/em><\/li>\n<\/ul>\n<p style=\"padding-left: 30px\">&#8211;\u00a0<strong>Acc\u00e9s directe<\/strong><\/p>\n<p style=\"padding-left: 60px\">&#8211; Estar en possessi\u00f3 del T\u00edtol de Batxiller, o d&#8217;un certificat acreditatiu d&#8217;haver superat totes les mat\u00e8ries del Batxillerat.<\/p>\n<p style=\"padding-left: 60px\">&#8211; Haver superat el segon curs de qualsevol modalitat de Batxillerat experimental.<\/p>\n<p style=\"padding-left: 60px\">&#8211; Estar en possessi\u00f3 d&#8217;un T\u00edtol de T\u00e8cnic (Formaci\u00f3 Professional de Grau Mitj\u00e0).<\/p>\n<p style=\"padding-left: 60px\">&#8211; Estar en possessi\u00f3 d&#8217;un T\u00edtol de T\u00e8cnic Superior, T\u00e8cnic Especialista o equivalent.<\/p>\n<p style=\"padding-left: 60px\">&#8211; Haver superat el Curs d&#8217;Orientaci\u00f3 Universit\u00e0ria (COU).<\/p>\n<p style=\"padding-left: 60px\">&#8211; Estar en possessi\u00f3 de qualsevol Titulaci\u00f3 Universit\u00e0ria.<\/p>\n<p style=\"padding-left: 30px\">&#8211;\u00a0<strong>Acc\u00e9s mitjan\u00e7ant prova<\/strong><\/p>\n<p style=\"padding-left: 60px\">&#8211; Haver superat la prova d&#8217;acc\u00e9s a la Universitat per a majors de 25 anys.<\/p>\n<p style=\"padding-left: 60px\">&#8211; Haver superat la <a href=\"http:\/\/www.todofp.es\/todofp\/pruebas-convalidaciones\/pruebas\/ciclos-grado-superior.html\" target=\"_blank\" rel=\"noopener noreferrer\">prova d&#8217;acc\u00e9s a cicles formatius de grau superior<\/a>.<\/p>\n<ul>\n<li><em><strong>Entorn professional<\/strong><\/em><\/li>\n<\/ul>\n<p style=\"padding-left: 30px\">&#8211; Aquest professional exerceix la seva activitat en empreses, principalment privades, dedicades al desenvolupament de projectes, a la gesti\u00f3 i supervisi\u00f3 del muntatge i manteniment d&#8217;instal\u00b7lacions el\u00e8ctriques en l&#8217;entorn d&#8217;edificis i amb finalitats especials, a la instal\u00b7laci\u00f3 de sistemes dom\u00f2tics i inm\u00f2tics, a infraestructures de telecomunicacions en edificis, a xarxes el\u00e8ctriques de baixa tensi\u00f3 i a sistemes automatitzats.<\/p>\n<p style=\"padding-left: 30px\">&#8211; Les ocupacions i llocs de feina m\u00e9s rellevants s\u00f3n els seg\u00fcents:<\/p>\n<p style=\"padding-left: 60px\">&#8211; T\u00e8cnic en projectes electrot\u00e8cnics.<\/p>\n<p style=\"padding-left: 60px\">&#8211; Projectista electrot\u00e8cnic.<\/p>\n<p style=\"padding-left: 60px\">&#8211; Coordinador t\u00e8cnic d&#8217;instal\u00b7lacions electrot\u00e8cniques de baixa tensi\u00f3 per edificis.<\/p>\n<p style=\"padding-left: 60px\">&#8211; T\u00e8cnic de supervisi\u00f3, verificaci\u00f3 i control d&#8217;equips i instal\u00b7lacions electrot\u00e8cniques i automatitzades.<\/p>\n<p style=\"padding-left: 60px\">&#8211; T\u00e8cnic supervisor d&#8217;instal\u00b7lacions d&#8217;enllumenat exterior.<\/p>\n<p style=\"padding-left: 60px\">&#8211; Cap d&#8217;equip d&#8217;instal\u00b7ladors de baixa tensi\u00f3 per edificis.<\/p>\n<p style=\"padding-left: 60px\">&#8211; Coordinador t\u00e8cnic de xarxes el\u00e8ctriques de baixa tensi\u00f3 i enllumenat exterior.<\/p>\n<p style=\"padding-left: 60px\">&#8211; Encarregat d&#8217;obres en xarxes el\u00e8ctriques de distribuci\u00f3 de baixa tensi\u00f3 i enllumenat exterior.<\/p>\n<p style=\"padding-left: 60px\">&#8211; Cap d&#8217;equip d&#8217;instal\u00b7ladors\u00a0en xarxes el\u00e8ctriques de distribuci\u00f3 en baixa tensi\u00f3 i enllumenat exterior.<\/p>\n<p style=\"padding-left: 60px\">&#8211; Gestor del manteniment d&#8217;instal\u00b7lacions el\u00e8ctriques de distribuci\u00f3 i enllumenat exterior.<\/p>\n<ul>\n<li>\u00a0<em><strong>Pla de formaci\u00f3<\/strong><\/em><\/li>\n<\/ul>\n<p><a href=\"http:\/\/iespasqualcalbo.cat\/blocs\/electricitat\/wp-content\/uploads\/sites\/6\/2017\/03\/temari-gs-installacions.jpg\"><img decoding=\"async\" class=\"aligncenter size-medium wp-image-237\" src=\"http:\/\/iespasqualcalbo.cat\/blocs\/electricitat\/wp-content\/uploads\/sites\/6\/2017\/03\/temari-gs-installacions-300x138.jpg\" alt=\"\" width=\"300\" height=\"138\" srcset=\"https:\/\/www.iespasqualcalbo.cat\/blocs\/electricitat\/wp-content\/uploads\/sites\/13\/2017\/03\/temari-gs-installacions-300x138.jpg 300w, https:\/\/www.iespasqualcalbo.cat\/blocs\/electricitat\/wp-content\/uploads\/sites\/13\/2017\/03\/temari-gs-installacions-768x352.jpg 768w, https:\/\/www.iespasqualcalbo.cat\/blocs\/electricitat\/wp-content\/uploads\/sites\/13\/2017\/03\/temari-gs-installacions-1024x469.jpg 1024w, https:\/\/www.iespasqualcalbo.cat\/blocs\/electricitat\/wp-content\/uploads\/sites\/13\/2017\/03\/temari-gs-installacions.jpg 1372w\" sizes=\"(max-width: 300px) 100vw, 300px\" \/><\/a><\/p>\n<p><a href=\"http:\/\/iespasqualcalbo.cat\/blocs\/electricitat\/wp-content\/uploads\/sites\/6\/2017\/03\/FCT-GM-1.jpg\"><img decoding=\"async\" class=\"aligncenter size-medium wp-image-238\" src=\"http:\/\/iespasqualcalbo.cat\/blocs\/electricitat\/wp-content\/uploads\/sites\/6\/2017\/03\/FCT-GM-1-300x35.jpg\" alt=\"\" width=\"300\" height=\"35\" srcset=\"https:\/\/www.iespasqualcalbo.cat\/blocs\/electricitat\/wp-content\/uploads\/sites\/13\/2017\/03\/FCT-GM-1-300x35.jpg 300w, https:\/\/www.iespasqualcalbo.cat\/blocs\/electricitat\/wp-content\/uploads\/sites\/13\/2017\/03\/FCT-GM-1-768x89.jpg 768w, https:\/\/www.iespasqualcalbo.cat\/blocs\/electricitat\/wp-content\/uploads\/sites\/13\/2017\/03\/FCT-GM-1.jpg 1000w\" sizes=\"(max-width: 300px) 100vw, 300px\" \/><\/a><\/p>\n<ul>\n<li><strong><em>Qualificacions i unitats de compet\u00e8ncia<\/em><\/strong><\/li>\n<\/ul>\n<p style=\"padding-left: 30px\">&#8211; Qualificacions professionals completes:<\/p>\n<p style=\"padding-left: 60px\">a) Gesti\u00f3 i supervisi\u00f3 del muntatge i manteniment d&#8217;instal\u00b7lacions el\u00e8ctriques en l&#8217;entorn d&#8217;edificis ELE382_3 que compren les seg\u00fcents unitats de compet\u00e8ncia:<\/p>\n<p style=\"padding-left: 60px\">&#8211;\u00a0UC1180_3: Organitzar i gestionar els processos de muntatge de les instal\u00b7lacions el\u00e8ctriques en l&#8217;entorn d&#8217;edificis i amb finalitats especials.<\/p>\n<p style=\"padding-left: 60px\">&#8211;\u00a0UC1181_3: Supervisar els processos de muntatge de les instal\u00b7lacions el\u00e8ctriques en l&#8217;entorn d&#8217;edificis i amb finalitats especials.<\/p>\n<p style=\"padding-left: 60px\">&#8211;\u00a0UC1182_3: Organitzar i gestionar els processos de manteniment de les instal\u00b7lacions el\u00e8ctriques en l&#8217;entorn d&#8217;edificis i amb finalitats especials.<\/p>\n<p style=\"padding-left: 60px\">&#8211;\u00a0UC1183_3: Supervisar els processos de manteniment de les instal\u00b7lacions el\u00e8ctriques en l&#8217;entorn d&#8217;edificis i amb finalitats especials.<\/p>\n<p style=\"padding-left: 60px\">b) Desenvolupament de projectes d&#8217;instal\u00b7lacions el\u00e8ctriques en l&#8217;entorn d&#8217;edificis i amb finalitats especials ELE259_3 que compren les seg\u00fcents unitats de compet\u00e8ncia:<\/p>\n<p style=\"padding-left: 60px\">&#8211;\u00a0UC0829_3: Desenvolupar projectes d&#8217;instal\u00b7lacions el\u00e8ctriques de baixa tensi\u00f3 en l&#8217;entorn d&#8217;edificis de vivendes, industries, oficines i locals de p\u00fablica concurr\u00e8ncia.<\/p>\n<p style=\"padding-left: 60px\">&#8211;\u00a0UC0830_3: Desenvolupar projectes d&#8217;instal\u00b7lacions el\u00e8ctriques de baixa tensi\u00f3 en locals de caracter\u00edstiques especials i instal\u00b7lacions amb finalitats especials.<\/p>\n<p style=\"padding-left: 60px\">c) Gesti\u00f3 i supervisi\u00f3 del muntatge i manteniment de xarxes el\u00e8ctriques de baixa tensi\u00f3 i enllumenat exterior ELE385_3 que compren les seg\u00fcents unitats de compet\u00e8ncia:<\/p>\n<p style=\"padding-left: 60px\">&#8211;\u00a0UC1275_3: Planificar i gestionar el muntatge i manteniment de xarxes el\u00e8ctriques de baixa tensi\u00f3 i enllumenat exterior.<\/p>\n<p style=\"padding-left: 60px\">&#8211;\u00a0UC1276_3: Supervisar i realitzar el muntatge de xarxes el\u00e8ctriques de baixa tensi\u00f3 i enllumenat exterior.<\/p>\n<p style=\"padding-left: 60px\">&#8211;\u00a0UC1277_3: Supervisar i realitzar el manteniment de xarxes el\u00e8ctriques de baixa tensi\u00f3 i enllumenat exterior.<\/p>\n<p style=\"padding-left: 30px\">&#8211; Qualificacions professionals incompletes:<\/p>\n<p style=\"padding-left: 60px\">a) Desenvolupament de projectes de xarxes el\u00e8ctriques de baixa i alta tensi\u00f3 ELE260_3:<\/p>\n<p style=\"padding-left: 60px\">&#8211;\u00a0UC0831_3: Desenvolupar projectes de xarxes el\u00e8ctriques de baixa tensi\u00f3.<\/p>\n<p style=\"padding-left: 60px\">&#8211;\u00a0UC0833_3: Desenvolupar projectes d&#8217;instal\u00b7lacions el\u00e8ctriques de Centres de Transformaci\u00f3.<\/p>\n<p style=\"padding-left: 60px\">&#8211;\u00a0UC0834_3: Desenvolupar projectes d&#8217;instal\u00b7lacions d&#8217;enllumenat exterior.<\/p>\n<ul>\n<li><strong><em>Correspond\u00e8ncia dels m\u00f2duls professionals amb les unitats de compet\u00e8ncia per la seva acreditaci\u00f3<\/em><\/strong><\/li>\n<li><a href=\"http:\/\/iespasqualcalbo.cat\/blocs\/electricitat\/wp-content\/uploads\/sites\/6\/2017\/03\/acreditacio-moduls-competencies-ele31.jpg\"><img fetchpriority=\"high\" decoding=\"async\" class=\"aligncenter size-medium wp-image-244\" src=\"http:\/\/iespasqualcalbo.cat\/blocs\/electricitat\/wp-content\/uploads\/sites\/6\/2017\/03\/acreditacio-moduls-competencies-ele31-300x298.jpg\" alt=\"\" width=\"300\" height=\"298\" srcset=\"https:\/\/www.iespasqualcalbo.cat\/blocs\/electricitat\/wp-content\/uploads\/sites\/13\/2017\/03\/acreditacio-moduls-competencies-ele31-300x298.jpg 300w, https:\/\/www.iespasqualcalbo.cat\/blocs\/electricitat\/wp-content\/uploads\/sites\/13\/2017\/03\/acreditacio-moduls-competencies-ele31-150x150.jpg 150w, https:\/\/www.iespasqualcalbo.cat\/blocs\/electricitat\/wp-content\/uploads\/sites\/13\/2017\/03\/acreditacio-moduls-competencies-ele31.jpg 686w\" sizes=\"(max-width: 300px) 100vw, 300px\" \/><\/a><em><strong>Quan acabi els estudis, qu\u00e8 puc fer?<\/strong><\/em><\/li>\n<\/ul>\n<p style=\"padding-left: 30px\">&#8211; Feina<\/p>\n<p style=\"padding-left: 60px\">Aquest professional exerceix la seva activitat en empreses principalment privades, dedicades al desenvolupament de projectes, a la gesti\u00f3 i supervisi\u00f3 del muntatge i manteniment d&#8217;instal\u00b7lacions el\u00e8ctriques en l&#8217;entorn d&#8217;edificis i amb finalitats especials, a la instal\u00b7laci\u00f3 de sistemes dom\u00f2tics i inm\u00f2tics, a infraestructures de telecomunicacions en edificis, a xarxes el\u00e8ctriques de baixa tensi\u00f3 i a sistemes automatitzats.<\/p>\n<p style=\"padding-left: 30px\">&#8211; Seguir estudiant<\/p>\n<p style=\"padding-left: 60px\">Cursos d&#8217;especialitzaci\u00f3 professional, un altre Cicle Formatiu de Grau Superior\u00a0amb les convalidacions corresponents, ensenyaments universitaris amb la possibilitat de convalidacions.<\/p>\n<ul>\n<li><strong><em><a href=\"http:\/\/www.iespasqualcalbo.cat\/arxius\/triptics\/Triptic-ELE-31.pdf\" target=\"_blank\" rel=\"noopener noreferrer\">Tr\u00edptic del Cicle<\/a><\/em><\/strong><\/li>\n<\/ul>\n<ul>\n<li><a style=\"font-size: 1rem\" href=\"http:\/\/www.boe.es\/boe\/dias\/2010\/10\/08\/pdfs\/BOE-A-2010-15355.pdf\" target=\"_blank\" rel=\"noopener noreferrer\">Titulo de T\u00e9cnico Superior en Sistemas Electrot\u00e9cnicos y Automatizados y ense\u00f1anzas m\u00ednimas<\/a><\/li>\n<li><a style=\"font-size: 1rem\" href=\"http:\/\/www.boe.es\/boe\/dias\/2010\/11\/11\/pdfs\/BOE-A-2010-17332.pdf\" target=\"_blank\" rel=\"noopener noreferrer\">Curr\u00edculo del t\u00edtulo de T\u00e9cnico Superior en Sistemas Electrot\u00e9cnicos y Automatizados<\/a><\/li>\n<\/ul>\n","protected":false},"excerpt":{"rendered":"<p>Grau Superior T\u00e8cnic Superior en Sistemes Electrot\u00e8cnics i Automatitzats Qui pot accedir &#8211;\u00a0Acc\u00e9s directe &#8211; Estar en possessi\u00f3 del T\u00edtol de Batxiller, o d&#8217;un certificat acreditatiu d&#8217;haver superat totes les mat\u00e8ries del Batxillerat. &#8211; Haver superat el segon curs de qualsevol modalitat de Batxillerat experimental. &#8211; Estar en possessi\u00f3 d&#8217;un T\u00edtol de T\u00e8cnic (Formaci\u00f3 Professional [&hellip;]<\/p>\n","protected":false},"author":2,"featured_media":0,"parent":0,"menu_order":0,"comment_status":"closed","ping_status":"closed","template":"","meta":{"footnotes":""},"class_list":["post-50","page","type-page","status-publish","hentry"],"_links":{"self":[{"href":"https:\/\/www.iespasqualcalbo.cat\/blocs\/electricitat\/wp-json\/wp\/v2\/pages\/50","targetHints":{"allow":["GET"]}}],"collection":[{"href":"https:\/\/www.iespasqualcalbo.cat\/blocs\/electricitat\/wp-json\/wp\/v2\/pages"}],"about":[{"href":"https:\/\/www.iespasqualcalbo.cat\/blocs\/electricitat\/wp-json\/wp\/v2\/types\/page"}],"author":[{"embeddable":true,"href":"https:\/\/www.iespasqualcalbo.cat\/blocs\/electricitat\/wp-json\/wp\/v2\/users\/2"}],"replies":[{"embeddable":true,"href":"https:\/\/www.iespasqualcalbo.cat\/blocs\/electricitat\/wp-json\/wp\/v2\/comments?post=50"}],"version-history":[{"count":0,"href":"https:\/\/www.iespasqualcalbo.cat\/blocs\/electricitat\/wp-json\/wp\/v2\/pages\/50\/revisions"}],"wp:attachment":[{"href":"https:\/\/www.iespasqualcalbo.cat\/blocs\/electricitat\/wp-json\/wp\/v2\/media?parent=50"}],"curies":[{"name":"wp","href":"https:\/\/api.w.org\/{rel}","templated":true}]}}